{"id":136,"date":"2022-09-20T21:57:13","date_gmt":"2022-09-20T18:57:13","guid":{"rendered":"http:\/\/localhost\/utamer\/?page_id=136"},"modified":"2025-03-25T18:13:01","modified_gmt":"2025-03-25T15:13:01","slug":"yonetim-kurulumuz","status":"publish","type":"page","link":"https:\/\/utamer.org\/index.php\/yonetim-kurulumuz\/","title":{"rendered":"Y\u00f6netim Kurulumuz"},"content":{"rendered":"\n<p class=\"has-text-align-center has-large-font-size\"><strong>Y\u00f6netim Kurulumuz<\/strong><\/p>\n\n\n\n<div class=\"wp-block-media-text alignwide is-stacked-on-mobile\" style=\"grid-template-columns:29% auto\"><figure class=\"wp-block-media-text__media\"><img loading=\"lazy\" decoding=\"async\" width=\"373\" height=\"466\" src=\"http:\/\/utamer.org\/test\/wp-content\/uploads\/2022\/10\/4.jpg\" alt=\"\" class=\"wp-image-290 size-full\" srcset=\"https:\/\/utamer.org\/wp-content\/uploads\/2022\/10\/4.jpg 373w, https:\/\/utamer.org\/wp-content\/uploads\/2022\/10\/4-240x300.jpg 240w\" sizes=\"auto, (max-width: 373px) 100vw, 373px\" \/><\/figure><div class=\"wp-block-media-text__content\">\n<p><strong>Mehmet Korkud AYDIN<\/strong><\/p>\n\n\n\n<p><strong>Ba\u015fkan<\/strong><\/p>\n\n\n\n<p>2008 y\u0131l\u0131nda Gazi \u00dcniversitesi E\u011fitim Fak\u00fcltesi Tarih E\u011fitimi B\u00f6l\u00fcm\u00fcnden mezun oldu.&nbsp; Y\u00fcksek Lisans E\u011fitimini 2008- 2010 y\u0131llar\u0131 aras\u0131nda F\u0131rat \u00dcniversitesi Sosyal Bilimler Enstit\u00fcs\u00fc\u2019nde, Doktora E\u011fitimini ise 2011-2017 y\u0131llar\u0131 aras\u0131nda Gazi \u00dcniversitesi Sosyal Bilimler Enstit\u00fcs\u00fc\u2019nde T\u00fcrkiye Cumhuriyeti Tarihi Anabilim dal\u0131nda tamamlad\u0131. 2020 y\u0131l\u0131nda ayn\u0131 alanda Do\u00e7ent \u00fcnvan\u0131 alan Mehmet Korkud Ayd\u0131n, 2010 y\u0131l\u0131ndan beri K\u0131r\u0131kkale \u00dcniversitesi\u2019nde akademik personel olarak \u00e7al\u0131\u015fmaktad\u0131r.<\/p>\n<\/div><\/div>\n\n\n\n<div class=\"wp-block-media-text alignwide is-stacked-on-mobile\" style=\"grid-template-columns:31% auto\"><figure class=\"wp-block-media-text__media\"><img loading=\"lazy\" decoding=\"async\" width=\"373\" height=\"466\" src=\"http:\/\/utamer.org\/test\/wp-content\/uploads\/2022\/10\/2.jpg\" alt=\"\" class=\"wp-image-288 size-full\" srcset=\"https:\/\/utamer.org\/wp-content\/uploads\/2022\/10\/2.jpg 373w, https:\/\/utamer.org\/wp-content\/uploads\/2022\/10\/2-240x300.jpg 240w\" sizes=\"auto, (max-width: 373px) 100vw, 373px\" \/><\/figure><div class=\"wp-block-media-text__content\">\n<p><strong>Cemal KARADA\u015e<\/strong><\/p>\n\n\n\n<p><strong>Ba\u015fkan Yard\u0131mc\u0131s\u0131<\/strong><\/p>\n\n\n\n<p>\u0130n\u00f6n\u00fc \u00dcniversitesi, Psikoloji B\u00f6l\u00fcm\u00fc, Geli\u015fim Psikolojisi Anabilim Dal\u0131nda Doktor \u00d6\u011fretim \u00dcyesi ve Anabilim Dal\u0131 Ba\u015fkan\u0131 olarak \u00e7al\u0131\u015fmaktad\u0131r. Y\u00fcksek lisans derecesini 2014 y\u0131l\u0131nda \u0130n\u00f6n\u00fc \u00dcniversitesi Rehberlik ve Psikolojik Dan\u0131\u015fma alan\u0131nda alan Dr. Karada\u015f, 2020 y\u0131l\u0131nda yine ayn\u0131 \u00fcniversite ve alanda doktora derecesini ald\u0131. Dr. Karada\u015f, okul psikolojik dan\u0131\u015fmanl\u0131\u011f\u0131, \u00f6d\u00fcl-ceza, yaln\u0131zl\u0131k, at\u0131lganl\u0131k, geli\u015fim psikolojisi \u00fczerine \u00e7al\u0131\u015fmalar yapmaktad\u0131r. Ulusal ve uluslararas\u0131 indeksli dergilerde yay\u0131mlanm\u0131\u015f makaleleri, ulusal ve uluslararas\u0131 kongrelerde sunulmu\u015f bildirileri bulunmaktad\u0131r. Dershane \u00d6\u011fretmeni, Rehabilitasyon Psikolojik Dan\u0131\u015fman\u0131, Okul Psikolojik Dan\u0131\u015fman\u0131, Ara\u015ft\u0131rma G\u00f6revlisi ve Doktor \u00d6\u011fretim \u00dcyesi olarak \u00e7al\u0131\u015ft\u0131. Evli ve iki k\u0131z, bir erkek olmak \u00fczere \u00fc\u00e7 \u00e7ocu\u011fu bulunmaktad\u0131r.<\/p>\n<\/div><\/div>\n\n\n\n<div class=\"wp-block-media-text alignwide is-stacked-on-mobile\" style=\"grid-template-columns:30% auto\"><figure class=\"wp-block-media-text__media\"><img loading=\"lazy\" decoding=\"async\" width=\"373\" height=\"466\" src=\"http:\/\/utamer.org\/test\/wp-content\/uploads\/2022\/10\/7.jpg\" alt=\"\" class=\"wp-image-293 size-full\" srcset=\"https:\/\/utamer.org\/wp-content\/uploads\/2022\/10\/7.jpg 373w, https:\/\/utamer.org\/wp-content\/uploads\/2022\/10\/7-240x300.jpg 240w\" sizes=\"auto, (max-width: 373px) 100vw, 373px\" \/><\/figure><div class=\"wp-block-media-text__content\">\n<p><strong>\u015e\u0131hmehmet Y\u0130\u011e\u0130T<\/strong><\/p>\n\n\n\n<p><strong><strong>Ba\u015fkan Yard\u0131mc\u0131s\u0131<\/strong><\/strong><\/p>\n\n\n\n<p>\u0130lk, orta ve lise e\u011fitimini Kilis\u2019te tamamlad\u0131. Lisans e\u011fitimi Bal\u0131kesir \u00dcniversitesini derece ile kazand\u0131. Y\u00fcksek lisans e\u011fitimini onur \u00f6\u011frencisi olarak bitirdi. Doktora e\u011fitimini Sakarya \u00dcniversitesinde tamamlad\u0131. Uluslararas\u0131 ve ulusal d\u00fczeyde onlarca bilimsel dergilerde \u00e7al\u0131\u015fmalar yaparak e\u011fitim hayat\u0131na katk\u0131da bulundu. Uluslararas\u0131 ve ulusal Kongre ve sempozyumlarda sunulmu\u015f ve bilime katk\u0131 sa\u011flam\u0131\u015f sunumlar yapm\u0131\u015ft\u0131r. E\u011fitim \u00f6\u011fretim hayat\u0131nda farkl\u0131 idari ve kurul g\u00f6revlerinde bulunmu\u015ftur. Halen Osmaniye Korkut Ata \u00dcniversitesi Beden E\u011fitimi ve Spor Y\u00fcksekokulu Mdr.Yard. olarak g\u00f6rev yapmaktad\u0131r.<\/p>\n<\/div><\/div>\n\n\n\n<div class=\"wp-block-media-text alignwide is-stacked-on-mobile\" style=\"grid-template-columns:30% auto\"><figure class=\"wp-block-media-text__media\"><img loading=\"lazy\" decoding=\"async\" width=\"373\" height=\"466\" src=\"http:\/\/utamer.org\/test\/wp-content\/uploads\/2022\/10\/5.jpg\" alt=\"\" class=\"wp-image-291 size-full\" srcset=\"https:\/\/utamer.org\/wp-content\/uploads\/2022\/10\/5.jpg 373w, https:\/\/utamer.org\/wp-content\/uploads\/2022\/10\/5-240x300.jpg 240w\" sizes=\"auto, (max-width: 373px) 100vw, 373px\" \/><\/figure><div class=\"wp-block-media-text__content\">\n<p><strong>Mustafa M\u00dcJDEC\u0130<\/strong><\/p>\n\n\n\n<p><strong><strong>Ba\u015fkan Yard\u0131mc\u0131s\u0131<\/strong><\/strong><\/p>\n\n\n\n<p>Yozgat\u2019\u0131n Yerk\u00f6y il\u00e7esinde do\u011fmu\u015ftur. \u0130lk ve orta \u00f6\u011frenimini burada tamamlam\u0131\u015ft\u0131r. 1999\u2019da Gazi \u00dcniversitesi K\u0131r\u015fehir E\u011fitim Fak\u00fcltesi Tarih \u00d6\u011fretmenli\u011finden mezun olmu\u015f ayn\u0131 y\u0131l Gazi \u00dcniversitesi Sosyal Bilimler Enstit\u00fcs\u00fc T\u00fcrkiye Cumhuriyeti Anabilim dal\u0131nda y\u00fcksek lisansa ba\u015flam\u0131\u015ft\u0131r. 2001\u2019de Gazi \u00dcniversitesi Fen Edebiyat Fak\u00fcltesi Tarih B\u00f6l\u00fcm\u00fc\u2019nde ara\u015ft\u0131rma g\u00f6revlisi olarak akademik meslek hayat\u0131na ba\u015flam\u0131\u015ft\u0131r. Doktoras\u0131n\u0131 2008\u2019de Gazi \u00dcniversitesi\u2019nde tamamlam\u0131\u015ft\u0131r. \u00c7e\u015fitli \u00fcniversitelerde \u00f6\u011fretim \u00fcyeli\u011fi yapm\u0131\u015f ve 2015\u2019te do\u00e7ent unvan\u0131n\u0131 alm\u0131\u015ft\u0131r. 2022\u2019de profes\u00f6r olmu\u015f, halen de K\u0131r\u0131kkale \u00dcniversitesi Fen Edebiyat Fak\u00fcltesi Tarih B\u00f6l\u00fcm\u00fcnde g\u00f6rev yapmaktad\u0131r. Ulusal ve uluslararas\u0131 yay\u0131nlanm\u0131\u015f kitap, makale ve bildirileri olan M\u00fcjdeci, evli ve \u00fc\u00e7 \u00e7ocuk babas\u0131d\u0131r.<\/p>\n<\/div><\/div>\n\n\n\n<div class=\"wp-block-media-text alignwide is-stacked-on-mobile\" style=\"grid-template-columns:29% auto\"><figure class=\"wp-block-media-text__media\"><img loading=\"lazy\" decoding=\"async\" width=\"373\" height=\"466\" src=\"http:\/\/utamer.org\/test\/wp-content\/uploads\/2022\/10\/3.jpg\" alt=\"\" class=\"wp-image-289 size-full\" srcset=\"https:\/\/utamer.org\/wp-content\/uploads\/2022\/10\/3.jpg 373w, https:\/\/utamer.org\/wp-content\/uploads\/2022\/10\/3-240x300.jpg 240w\" sizes=\"auto, (max-width: 373px) 100vw, 373px\" \/><\/figure><div class=\"wp-block-media-text__content\">\n<p><strong>Fatih KAYA<\/strong><\/p>\n\n\n\n<p><strong><strong>Ba\u015fkan Yard\u0131mc\u0131s\u0131<\/strong><\/strong><\/p>\n\n\n\n<p>Malatya&#8217;da do\u011fdu. \u0130lk\u00f6\u011fretim ve lise e\u011fitimini Do\u011fan\u015fehir&#8217;de tamamlad\u0131. Kaya, 2007 y\u0131l\u0131nda lisans e\u011fitimine \u0130n\u00f6n\u00fc \u00dcniversitesi E\u011fitim Fak\u00fcltesi Sosyal Bilgiler e\u011fitimi b\u00f6l\u00fcm\u00fcnde ba\u015flad\u0131 ve 2011 y\u0131l\u0131nda da burada lisans e\u011fitimini tamamlad\u0131.&nbsp; 2012 y\u0131l\u0131nda \u0130n\u00f6n\u00fc \u00dcniversitesi&#8217;nde y\u00fcksek lisans e\u011fitimine ba\u015flayan Kaya, ayn\u0131 \u00fcniversitede 2014 y\u0131l\u0131nda &#8220;Kutadgu Bilig&#8217;e G\u00f6re Liderlik E\u011fitimi&#8221; adl\u0131 \u00e7al\u0131\u015fmas\u0131yla y\u00fcksek lisans tezini verdi. Ayn\u0131 y\u0131l Malatya \u0130n\u00f6n\u00fc \u00dcniversitesi E\u011fitim Fak\u00fcltesi Sosyal Bilgiler E\u011fitimi B\u00f6l\u00fcm\u00fc&#8217;nde Ara\u015ft\u0131rma G\u00f6revlisi kadrosuna atand\u0131. Kaya, Erzincan \u00dcniversitesi&#8217;nde &#8220;De\u011ferler e\u011fitimi&#8221; \u00fczerine doktora tezini ise 2021 y\u0131l\u0131nda tamamlad\u0131. \u00c7al\u0131\u015fma alanlar\u0131 aras\u0131nda; Liderlik, Sosyal Bilgiler E\u011fitimi ve T\u00fcrk K\u00fclt\u00fcr Tarihi gibi alanlar yer almaktad\u0131r.&nbsp; Ayr\u0131ca Kaya; Etkili ileti\u015fim ve Diksiyon, Beden Dili, Halkla \u0130li\u015fkiler, H\u0131zl\u0131 Okuma ve Etkin Okuma E\u011fitimi gibi alanlarda da \u00e7al\u0131\u015fmalar yapm\u0131\u015ft\u0131r.<\/p>\n<\/div><\/div>\n\n\n\n<p><\/p>\n\n\n\n<div class=\"wp-block-media-text alignwide is-stacked-on-mobile\" style=\"grid-template-columns:28% auto\"><figure class=\"wp-block-media-text__media\"><img loading=\"lazy\" decoding=\"async\" width=\"373\" height=\"466\" src=\"http:\/\/utamer.org\/test\/wp-content\/uploads\/2022\/10\/Untitled-1.jpg\" alt=\"\" class=\"wp-image-294 size-full\" srcset=\"https:\/\/utamer.org\/wp-content\/uploads\/2022\/10\/Untitled-1.jpg 373w, https:\/\/utamer.org\/wp-content\/uploads\/2022\/10\/Untitled-1-240x300.jpg 240w\" sizes=\"auto, (max-width: 373px) 100vw, 373px\" \/><\/figure><div class=\"wp-block-media-text__content\">\n<p><strong>Abd\u00fclkadir Akkurt<\/strong><\/p>\n\n\n\n<p><strong>Ba\u015fkan Yard\u0131mc\u0131s\u0131<\/strong><\/p>\n\n\n\n<p>2008 y\u0131l\u0131nda Gazi \u00dcniversitesi K\u0131r\u015fehir Fen Edebiyat Fak\u00fcltesi Biyoloji b\u00f6l\u00fcm\u00fcnden mezun oldu. 2011 y\u0131l\u0131nda K\u0131r\u0131kkale \u00dcniversitesinde Y\u00fcksek Lisans e\u011fitimini tamamlad\u0131. Akkurt, 2012 y\u0131l\u0131nda K\u0131r\u0131kkale \u00dcniversitesinde \u00d6\u011fretim G\u00f6revlisi olarak i\u015fe ba\u015flam\u0131\u015f olup Doktora e\u011fitimine devam etmektedir.<\/p>\n<\/div><\/div>\n\n\n\n<p><\/p>\n","protected":false},"excerpt":{"rendered":"<p>Y\u00f6netim Kurulumuz Mehmet Korkud AYDIN Ba\u015fkan 2008 y\u0131l\u0131nda Gazi \u00dcniversitesi E\u011fitim Fak\u00fcltesi Tarih E\u011fitimi B\u00f6l\u00fcm\u00fcnden mezun oldu.&nbsp; Y\u00fcksek Lisans E\u011fitimini 2008- 2010 y\u0131llar\u0131 aras\u0131nda F\u0131rat \u00dcniversitesi Sosyal Bilimler Enstit\u00fcs\u00fc\u2019nde, Doktora E\u011fitimini ise 2011-2017 y\u0131llar\u0131 aras\u0131nda Gazi \u00dcniversitesi Sosyal Bilimler Enstit\u00fcs\u00fc\u2019nde T\u00fcrkiye Cumhuriyeti Tarihi Anabilim dal\u0131nda tamamlad\u0131. 2020 y\u0131l\u0131nda ayn\u0131 alanda Do\u00e7ent \u00fcnvan\u0131 alan Mehmet Korkud [&hellip;]<\/p>\n","protected":false},"author":1,"featured_media":0,"parent":0,"menu_order":0,"comment_status":"closed","ping_status":"closed","template":"","meta":{"footnotes":""},"class_list":["post-136","page","type-page","status-publish"],"_links":{"self":[{"href":"https:\/\/utamer.org\/index.php\/wp-json\/wp\/v2\/pages\/136","targetHints":{"allow":["GET"]}}],"collection":[{"href":"https:\/\/utamer.org\/index.php\/wp-json\/wp\/v2\/pages"}],"about":[{"href":"https:\/\/utamer.org\/index.php\/wp-json\/wp\/v2\/types\/page"}],"author":[{"embeddable":true,"href":"https:\/\/utamer.org\/index.php\/wp-json\/wp\/v2\/users\/1"}],"replies":[{"embeddable":true,"href":"https:\/\/utamer.org\/index.php\/wp-json\/wp\/v2\/comments?post=136"}],"version-history":[{"count":4,"href":"https:\/\/utamer.org\/index.php\/wp-json\/wp\/v2\/pages\/136\/revisions"}],"predecessor-version":[{"id":506,"href":"https:\/\/utamer.org\/index.php\/wp-json\/wp\/v2\/pages\/136\/revisions\/506"}],"wp:attachment":[{"href":"https:\/\/utamer.org\/index.php\/wp-json\/wp\/v2\/media?parent=136"}],"curies":[{"name":"wp","href":"https:\/\/api.w.org\/{rel}","templated":true}]}}